{"version":"1.0","provider_name":"Parroquia Matriz de San Agust\u00edn","provider_url":"https:\/\/parroquiasanagustin.org","author_name":"admin","author_url":"https:\/\/parroquiasanagustin.org\/index.php\/author\/admin\/","title":"Jornada de Responsabilidad en el Tr\u00e1fico - Parroquia Matriz de San Agust\u00edn","type":"rich","width":600,"height":338,"html":"<blockquote class=\"wp-embedded-content\" data-secret=\"3QTFLxpGww\"><a href=\"https:\/\/parroquiasanagustin.org\/index.php\/2023\/06\/21\/jornada-de-responsabilidad-en-el-trafico\/\">Jornada de Responsabilidad en el Tr\u00e1fico<\/a><\/blockquote><iframe sandbox=\"allow-scripts\" security=\"restricted\" src=\"https:\/\/parroquiasanagustin.org\/index.php\/2023\/06\/21\/jornada-de-responsabilidad-en-el-trafico\/embed\/#?secret=3QTFLxpGww\" width=\"600\" height=\"338\" title=\"\u00abJornada de Responsabilidad en el Tr\u00e1fico\u00bb \u2014 Parroquia Matriz de San Agust\u00edn\" data-secret=\"3QTFLxpGww\" frameborder=\"0\" marginwidth=\"0\" marginheight=\"0\" scrolling=\"no\" class=\"wp-embedded-content\"><\/iframe><script>\n\/*! This file is auto-generated *\/\n!function(d,l){\"use strict\";l.querySelector&&d.addEventListener&&\"undefined\"!=typeof URL&&(d.wp=d.wp||{},d.wp.receiveEmbedMessage||(d.wp.receiveEmbedMessage=function(e){var t=e.data;if((t||t.secret||t.message||t.value)&&!\/[^a-zA-Z0-9]\/.test(t.secret)){for(var s,r,n,a=l.querySelectorAll('iframe[data-secret=\"'+t.secret+'\"]'),o=l.querySelectorAll('blockquote[data-secret=\"'+t.secret+'\"]'),c=new RegExp(\"^https?:$\",\"i\"),i=0;i<o.length;i++)o[i].style.display=\"none\";for(i=0;i<a.length;i++)s=a[i],e.source===s.contentWindow&&(s.removeAttribute(\"style\"),\"height\"===t.message?(1e3<(r=parseInt(t.value,10))?r=1e3:~~r<200&&(r=200),s.height=r):\"link\"===t.message&&(r=new URL(s.getAttribute(\"src\")),n=new URL(t.value),c.test(n.protocol))&&n.host===r.host&&l.activeElement===s&&(d.top.location.href=t.value))}},d.addEventListener(\"message\",d.wp.receiveEmbedMessage,!1),l.addEventListener(\"DOMContentLoaded\",function(){for(var e,t,s=l.querySelectorAll(\"iframe.wp-embedded-content\"),r=0;r<s.length;r++)(t=(e=s[r]).getAttribute(\"data-secret\"))||(t=Math.random().toString(36).substring(2,12),e.src+=\"#?secret=\"+t,e.setAttribute(\"data-secret\",t)),e.contentWindow.postMessage({message:\"ready\",secret:t},\"*\")},!1)))}(window,document);\n\/\/# sourceURL=https:\/\/parroquiasanagustin.org\/wp-includes\/js\/wp-embed.min.js\n<\/script>\n","thumbnail_url":"https:\/\/parroquiasanagustin.org\/wp-content\/uploads\/2023\/06\/Jornada-responsabilidad-en-el-trafico-2023-cartel-castellano-scaled.jpg","thumbnail_width":1129,"thumbnail_height":1600,"description":"El mensaje de este a\u00f1o, en sinton\u00eda con el lema, es\u00a0una invitaci\u00f3n a cada uno de los conductores para antes de iniciar el viaje rezar unos momentos al Se\u00f1or para poner en sus manos \u201cvuestro camino con la seguridad de contar con su ayuda\u201d.\u00a0La oraci\u00f3n, \u201cadem\u00e1s de ponernos en relaci\u00f3n con Dios,\u00a0estimula nuestra responsabilidad\u201d.\u00a0\u00a0 Los obispos de la Subcomisi\u00f3n Episcopal para las Migraciones y Movilidad humana recuerdan que\u00a0la Jornada de Responsabilidad en el tr\u00e1fico tuvo sus inicios en el D\u00eda de Oraci\u00f3n\u00a0por la carretera\u00a0que se instaur\u00f3 en 1970\u00a0por los muchos accidentes y muertos que hab\u00eda en la carretera. El\u00a0prop\u00f3sito\u00a0de este d\u00eda, explican, era\u00a0pedir la ayuda de Dios para todos los que viven, viajan y mueren en carretera y ayudar a despertar en todos el sentido de responsabilidad cristiana en el tr\u00e1fico. \u201cUna forma sencilla de orar \u2013recomiendan- es hacer la se\u00f1al de la cruz\u201d. Un gesto \u201csencillo, pero de un gran significado de fe\u201d. El padrenuestro, la Salve, el\u00a0\u00c1ngelus, o el rosario son otras\u00a0oraciones \u201cque rezamos\u201d a lo largo de nuestras vidas en ocasiones y circunstancias muy diversas. \u201cY, \u00bfpor qu\u00e9 no?, tambi\u00e9n cuando viajamos\u00a0las podemos\u00a0rezar\u201d. Los obispos y el departamento de Pastoral de la carretera celebran que cada vez m\u00e1s conductores tengan presentes la oraci\u00f3n del conductor, la del Cristo de la Carretera, la de la Virgen de la Prudencia o san Crist\u00f3bal. Tambi\u00e9n \u201cnos complace saber\u201d que en muchos veh\u00edculos y camiones van colgados signos religiosos o llevan im\u00e1genes de alg\u00fan santo de la devoci\u00f3n del conductor. \u201cSi estos signos religiosos en el interior o exterior de nuestros veh\u00edculos -precisan-nos ayudan a rezar y elevar nuestro coraz\u00f3n a Dios, benditos sean todos\u00a0ellos\u201d. Porque rezar para tener un buen viaje \u201cnos estimula a poner los cinco sentidos para conducir con responsabilidad y en\u00a0las debidas condiciones\u201d. Y\u00a0\u201ccreer\u00a0en el Se\u00f1or, amigo de la vida (Sab 11,26), exige de nosotros cuidar de esta, la nuestra y la de los dem\u00e1s, con todo mimo y dedicaci\u00f3n\u201d. M\u00e1s informaci\u00f3n en la web de la Conferencia Episcopal"}