{"version":"1.0","provider_name":"Parroquia Matriz de San Agust\u00edn","provider_url":"https:\/\/parroquiasanagustin.org","author_name":"admin","author_url":"https:\/\/parroquiasanagustin.org\/index.php\/author\/admin\/","title":"Nadie sin Hogar - Parroquia Matriz de San Agust\u00edn","type":"rich","width":600,"height":338,"html":"<blockquote class=\"wp-embedded-content\" data-secret=\"8upFRlptkQ\"><a href=\"https:\/\/parroquiasanagustin.org\/index.php\/2021\/10\/26\/nadie-sin-hogar-2\/\">Nadie sin Hogar<\/a><\/blockquote><iframe sandbox=\"allow-scripts\" security=\"restricted\" src=\"https:\/\/parroquiasanagustin.org\/index.php\/2021\/10\/26\/nadie-sin-hogar-2\/embed\/#?secret=8upFRlptkQ\" width=\"600\" height=\"338\" title=\"\u00abNadie sin Hogar\u00bb \u2014 Parroquia Matriz de San Agust\u00edn\" data-secret=\"8upFRlptkQ\" frameborder=\"0\" marginwidth=\"0\" marginheight=\"0\" scrolling=\"no\" class=\"wp-embedded-content\"><\/iframe><script>\n\/*! This file is auto-generated *\/\n!function(d,l){\"use strict\";l.querySelector&&d.addEventListener&&\"undefined\"!=typeof URL&&(d.wp=d.wp||{},d.wp.receiveEmbedMessage||(d.wp.receiveEmbedMessage=function(e){var t=e.data;if((t||t.secret||t.message||t.value)&&!\/[^a-zA-Z0-9]\/.test(t.secret)){for(var s,r,n,a=l.querySelectorAll('iframe[data-secret=\"'+t.secret+'\"]'),o=l.querySelectorAll('blockquote[data-secret=\"'+t.secret+'\"]'),c=new RegExp(\"^https?:$\",\"i\"),i=0;i<o.length;i++)o[i].style.display=\"none\";for(i=0;i<a.length;i++)s=a[i],e.source===s.contentWindow&&(s.removeAttribute(\"style\"),\"height\"===t.message?(1e3<(r=parseInt(t.value,10))?r=1e3:~~r<200&&(r=200),s.height=r):\"link\"===t.message&&(r=new URL(s.getAttribute(\"src\")),n=new URL(t.value),c.test(n.protocol))&&n.host===r.host&&l.activeElement===s&&(d.top.location.href=t.value))}},d.addEventListener(\"message\",d.wp.receiveEmbedMessage,!1),l.addEventListener(\"DOMContentLoaded\",function(){for(var e,t,s=l.querySelectorAll(\"iframe.wp-embedded-content\"),r=0;r<s.length;r++)(t=(e=s[r]).getAttribute(\"data-secret\"))||(t=Math.random().toString(36).substring(2,12),e.src+=\"#?secret=\"+t,e.setAttribute(\"data-secret\",t)),e.contentWindow.postMessage({message:\"ready\",secret:t},\"*\")},!1)))}(window,document);\n\/\/# sourceURL=https:\/\/parroquiasanagustin.org\/wp-includes\/js\/wp-embed.min.js\n<\/script>\n","thumbnail_url":"https:\/\/parroquiasanagustin.org\/wp-content\/uploads\/2021\/10\/Cartel-Sin-Hogar-2021-27x38-1.jpg","thumbnail_width":831,"thumbnail_height":1143,"description":"La celebraci\u00f3n del&nbsp;D\u00eda de las Personas Sin Hogar, que este a\u00f1o tiene lugar el 31 de octubre, vuelve a reunir a las organizaciones sociales que trabajan con estas personas para denunciar las dificultades continuadas y permanentes que afrontan para acceder a los derechos fundamentales y que se han agravado a\u00fan m\u00e1s durante la pandemia. En esta edici\u00f3n, las entidades que impulsan en toda Espa\u00f1a la&nbsp;Campa\u00f1a de Personas Sin Hogar&nbsp;lanzan una alerta bajo el lema \u201c\u00bfSin salida? Perdidos en un sistema de protecci\u00f3n social que no protege. Digamos basta. Nadie Sin Hogar\u201d para poner el foco en el laberinto al que se enfrentan unas personas perdidas en un sistema de protecci\u00f3n social que no funciona. Ante esa realidad, C\u00e1ritas, Faciam (Federaci\u00f3n de Asociaciones y Centros de Ayuda a Marginados), XaPSLL (Xarxa d\u2019Atenci\u00f3 a Persones Sense Llar de Barcelona) y besteBI (Plataforma por la Exclusi\u00f3n Residencial y a favor de las Personas Sin Hogar de Bilbao) demandan el apoyo de la ciudadan\u00eda y de los medios de comunicaci\u00f3n para reclamar a las Administraciones p\u00fablicas la puesta en marcha de una protecci\u00f3n social adecuada, justa y digna para todas las personas, conforme a los derechos fundamentales."}