{"version":"1.0","provider_name":"Parroquia Matriz de San Agust\u00edn","provider_url":"https:\/\/parroquiasanagustin.org","author_name":"admin","author_url":"https:\/\/parroquiasanagustin.org\/index.php\/author\/admin\/","title":"D\u00eda de los abuelos y personas mayores - Parroquia Matriz de San Agust\u00edn","type":"rich","width":600,"height":338,"html":"<blockquote class=\"wp-embedded-content\" data-secret=\"Bg9cDY3dm6\"><a href=\"https:\/\/parroquiasanagustin.org\/index.php\/2021\/07\/24\/dia-de-los-abuelos-y-personas-mayores\/\">D\u00eda de los abuelos y personas mayores<\/a><\/blockquote><iframe sandbox=\"allow-scripts\" security=\"restricted\" src=\"https:\/\/parroquiasanagustin.org\/index.php\/2021\/07\/24\/dia-de-los-abuelos-y-personas-mayores\/embed\/#?secret=Bg9cDY3dm6\" width=\"600\" height=\"338\" title=\"\u00abD\u00eda de los abuelos y personas mayores\u00bb \u2014 Parroquia Matriz de San Agust\u00edn\" data-secret=\"Bg9cDY3dm6\" frameborder=\"0\" marginwidth=\"0\" marginheight=\"0\" scrolling=\"no\" class=\"wp-embedded-content\"><\/iframe><script>\n\/*! This file is auto-generated *\/\n!function(d,l){\"use strict\";l.querySelector&&d.addEventListener&&\"undefined\"!=typeof URL&&(d.wp=d.wp||{},d.wp.receiveEmbedMessage||(d.wp.receiveEmbedMessage=function(e){var t=e.data;if((t||t.secret||t.message||t.value)&&!\/[^a-zA-Z0-9]\/.test(t.secret)){for(var s,r,n,a=l.querySelectorAll('iframe[data-secret=\"'+t.secret+'\"]'),o=l.querySelectorAll('blockquote[data-secret=\"'+t.secret+'\"]'),c=new RegExp(\"^https?:$\",\"i\"),i=0;i<o.length;i++)o[i].style.display=\"none\";for(i=0;i<a.length;i++)s=a[i],e.source===s.contentWindow&&(s.removeAttribute(\"style\"),\"height\"===t.message?(1e3<(r=parseInt(t.value,10))?r=1e3:~~r<200&&(r=200),s.height=r):\"link\"===t.message&&(r=new URL(s.getAttribute(\"src\")),n=new URL(t.value),c.test(n.protocol))&&n.host===r.host&&l.activeElement===s&&(d.top.location.href=t.value))}},d.addEventListener(\"message\",d.wp.receiveEmbedMessage,!1),l.addEventListener(\"DOMContentLoaded\",function(){for(var e,t,s=l.querySelectorAll(\"iframe.wp-embedded-content\"),r=0;r<s.length;r++)(t=(e=s[r]).getAttribute(\"data-secret\"))||(t=Math.random().toString(36).substring(2,12),e.src+=\"#?secret=\"+t,e.setAttribute(\"data-secret\",t)),e.contentWindow.postMessage({message:\"ready\",secret:t},\"*\")},!1)))}(window,document);\n\/\/# sourceURL=https:\/\/parroquiasanagustin.org\/wp-includes\/js\/wp-embed.min.js\n<\/script>\n","thumbnail_url":"https:\/\/parroquiasanagustin.org\/wp-content\/uploads\/2021\/06\/EzaM90WXEAMHjdq.jpg","thumbnail_width":1023,"thumbnail_height":1023,"description":"El\u00a026 de julio la Iglesia en Espa\u00f1a celebra por primera vez la\u00a0Jornada Mundial de los abuelos y personas mayores.\u00a0Una jornada instaurada por el papa Francisco en torno entorno a la festividad de San Joaqu\u00edn y Santa Ana.\u00a0El tema elegido para este a\u00f1o es:\u00a0\u00abYo estoy contigo todos los d\u00edas\u00bb\u00a0(cf. Mt 28, 20). \u00bfCu\u00e1l es el mensaje de los obispos? El tema escogido por el&nbsp;papa Francisco&nbsp;expresa en primer lugar&nbsp;la cercan\u00eda del Se\u00f1or&nbsp;en la vida de cada abuelo, de cada&nbsp;persona mayor.&nbsp;Los obispos espa\u00f1oles subrayan que \u00abverdaderamente, Jesucristo es el amigo que nunca falla, el que siempre est\u00e1 presente en nuestras vidas\u00bb. Resaltan que \u00abde manera especial en este dif\u00edcil momento de pandemia, estas palabras tienen eco en el coraz\u00f3n de tantas personas mayores que han experimentado la soledad y el miedo durante este periodo\u00bb. Asimismo, el lema \u00abYo estoy contigo todos los d\u00edas\u00bb es una promesa de cercan\u00eda y esperanza que j\u00f3venes y mayores pueden expresarse mutuamente. \u00abDe hecho, no solo los nietos y los j\u00f3venes est\u00e1n llamados a estar presentes en la vida de las personas mayores, sino que las personas mayores y los abuelos tienen tambi\u00e9n una misi\u00f3n de evangelizaci\u00f3n, de anuncio, deoraci\u00f3n y de gu\u00eda de los j\u00f3venes a la fe\u00bb."}